{"id":7563,"date":"2022-03-21T14:00:01","date_gmt":"2022-03-21T17:00:01","guid":{"rendered":"https:\/\/jobstore.cl\/?post_type=product&#038;p=7563"},"modified":"2023-03-16T13:04:16","modified_gmt":"2023-03-16T16:04:16","slug":"restauracion-unidad-apple","status":"publish","type":"product","link":"https:\/\/jobstore.cl\/index.php\/product\/restauracion-unidad-apple\/","title":{"rendered":"Restauraci\u00f3n Unidad Apple"},"content":{"rendered":"<p>La restauraci\u00f3n de la unidad consiste en borrar todos los contenidos de tu equipo e instalar la \u00faltima versi\u00f3n disponible o compatible.<\/p>\n<p>Al borrar todos los contenidos , estos no son recuperables, por lo cual debes realizar el respaldo de los datos (Fotos, documentos , im\u00e1genes y archivos ) antes de traer el equipo al centro de servicios.<\/p>\n<p>El servicio demora aproximadamente 1 hora y debes tener desactivada la funci\u00f3n de buscar mi iPhone \/ Mac para poder culminar el proceso.<\/p>\n<p>Podemos realizar el procedimiento en cualquier equipo Apple. (iPhone \/ iPad \/ iMac \/ Mac)<\/p>\n<p>\u00a0<\/p>\n","protected":false},"excerpt":{"rendered":"<p>Si has tenido alg\u00fan problema con tu\u00a0<strong>iPhone<\/strong>,\u00a0<strong>iPad<\/strong>, <strong>Macbook<\/strong>,<strong> iMac <\/strong>o<strong> Mac<\/strong>, seguramente habr\u00e1s escuchado la palabra restaurar o formatear en m\u00e1s de alguna ocasi\u00f3n. Este proceso, para seguridad de tu equipo, se debe realizar en un servicio t\u00e9cnico oficial de Apple para as\u00ed poder resolver la mayor\u00eda de los problemas que puedan presentarse en ellos.<\/p>\n<p>Al restaurar a la configuraci\u00f3n de f\u00e1brica, se borrar\u00e1 la informaci\u00f3n y la configuraci\u00f3n del <strong>iPhone<\/strong>, <strong>iPad<\/strong>, <strong>Macbook<\/strong>,<strong> iMac <\/strong>o<strong> Mac<\/strong>, y se instalar\u00e1 la versi\u00f3n m\u00e1s reciente de iOS, iPadOS, MacOS, etc<\/p>\n<p>&nbsp;<\/p>\n","protected":false},"featured_media":5468,"comment_status":"open","ping_status":"closed","template":"","meta":{"_joinchat":[]},"product_cat":[341],"product_tag":[],"class_list":{"0":"post-7563","1":"product","2":"type-product","3":"status-publish","4":"has-post-thumbnail","6":"product_cat-cambio-de-display-baterias","8":"first","9":"instock","10":"shipping-taxable","11":"purchasable","12":"product-type-simple"},"_links":{"self":[{"href":"https:\/\/jobstore.cl\/index.php\/wp-json\/wp\/v2\/product\/7563","targetHints":{"allow":["GET"]}}],"collection":[{"href":"https:\/\/jobstore.cl\/index.php\/wp-json\/wp\/v2\/product"}],"about":[{"href":"https:\/\/jobstore.cl\/index.php\/wp-json\/wp\/v2\/types\/product"}],"replies":[{"embeddable":true,"href":"https:\/\/jobstore.cl\/index.php\/wp-json\/wp\/v2\/comments?post=7563"}],"version-history":[{"count":6,"href":"https:\/\/jobstore.cl\/index.php\/wp-json\/wp\/v2\/product\/7563\/revisions"}],"predecessor-version":[{"id":13203,"href":"https:\/\/jobstore.cl\/index.php\/wp-json\/wp\/v2\/product\/7563\/revisions\/13203"}],"wp:featuredmedia":[{"embeddable":true,"href":"https:\/\/jobstore.cl\/index.php\/wp-json\/wp\/v2\/media\/5468"}],"wp:attachment":[{"href":"https:\/\/jobstore.cl\/index.php\/wp-json\/wp\/v2\/media?parent=7563"}],"wp:term":[{"taxonomy":"product_cat","embeddable":true,"href":"https:\/\/jobstore.cl\/index.php\/wp-json\/wp\/v2\/product_cat?post=7563"},{"taxonomy":"product_tag","embeddable":true,"href":"https:\/\/jobstore.cl\/index.php\/wp-json\/wp\/v2\/product_tag?post=7563"}],"curies":[{"name":"wp","href":"https:\/\/api.w.org\/{rel}","templated":true}]}}