{"id":1779,"date":"2021-08-17T21:28:27","date_gmt":"2021-08-18T00:28:27","guid":{"rendered":"https:\/\/jobstore.cl\/?post_type=product&#038;p=1779"},"modified":"2024-01-22T19:06:08","modified_gmt":"2024-01-22T22:06:08","slug":"adaptador-de-camara-ligthning-a-usb-3-0","status":"publish","type":"product","link":"https:\/\/jobstore.cl\/index.php\/product\/adaptador-de-camara-ligthning-a-usb-3-0\/","title":{"rendered":"Adaptador Apple para Camara de Ligthning a USB-A 3.0"},"content":{"rendered":"<table>\n<tbody>\n<tr>\n<td><strong>Incluye<\/strong><\/td>\n<td>Adaptador Lightning a USB 3 para c\u00e1maras de Apple<\/p>\n<p>\u00a0<\/td>\n<\/tr>\n<tr>\n<td><strong>Compatibilidad<\/strong><\/td>\n<td>iPad Air (3.\u00aa generaci\u00f3n)<br \/>\niPad (7.\u00aa generaci\u00f3n)<br \/>\niPad mini (5.\u00aa generaci\u00f3n)<br \/>\niPad Pro de 10,5 pulgadas<br \/>\niPad Pro de 12,9 pulgadas (2.\u00aa generaci\u00f3n)<br \/>\niPad Pro de 12,9 pulgadas (1.\u00aa generaci\u00f3n)<br \/>\niPad Pro de 9,7 pulgadas<br \/>\niPad Air 2<br \/>\niPad Air (1.\u00aa generaci\u00f3n)<br \/>\niPad (6.\u00aa generaci\u00f3n)<br \/>\niPad (5.\u00aa generaci\u00f3n)<br \/>\niPad mini 4<br \/>\niPad mini 3<br \/>\niPad mini 2<br \/>\niPad mini (1.\u00aa generaci\u00f3n)<\/td>\n<\/tr>\n<\/tbody>\n<\/table>\n","protected":false},"excerpt":{"rendered":"<div class=\"para-list as-pdp-lastparalist\">\n<p>Con el Adaptador de conector Lightning a USB 3 para c\u00e1maras, descargar fotos y v\u00eddeos desde una c\u00e1mara digital de alta resoluci\u00f3n a tu iPad Pro es muy f\u00e1cil. Con\u00e9ctalo y el iPad Pro abrir\u00e1 autom\u00e1ticamente la app Fotos para que elijas las im\u00e1genes y los v\u00eddeos que quieras importar y organizar en \u00e1lbumes.<\/p>\n<\/div>\n<div class=\"para-list as-pdp-lastparalist\">\n<p>Utiliza el Adaptador de conector Lightning a USB\u00a03 para c\u00e1maras con un Adaptador de corriente USB si quieres que tu iPad sea a\u00fan m\u00e1s vers\u00e1til. As\u00ed puedes conectar perif\u00e9ricos USB como hubs, adaptadores de Ethernet, interfaces de audio\/MIDI y lectores de tarjeta para CompactFlash, SD y microSD.<\/p>\n<\/div>\n<div class=\"para-list as-pdp-lastparalist\">\n<p>El adaptador de conector Lightning a USB 3 para c\u00e1maras admite formatos fotogr\u00e1ficos est\u00e1ndar como JPEG y RAW, adem\u00e1s de formatos de v\u00eddeo SD y HD como H.264 y MPEG-4. Los iPad Pro de 12,9 y 10,5 pulgadas transmiten datos por USB 3, mientras que el de 9,7 pulgadas utiliza USB 2.<\/p>\n<\/div>\n","protected":false},"featured_media":1780,"comment_status":"open","ping_status":"closed","template":"","meta":{"_joinchat":[]},"product_cat":[192,593],"product_tag":[193],"class_list":{"0":"post-1779","1":"product","2":"type-product","3":"status-publish","4":"has-post-thumbnail","6":"product_brand-apple","7":"product_cat-accesorios","8":"product_cat-accesorios-apple","9":"product_tag-mk0w2am-a","11":"first","12":"outofstock","13":"shipping-taxable","14":"purchasable","15":"product-type-simple"},"_links":{"self":[{"href":"https:\/\/jobstore.cl\/index.php\/wp-json\/wp\/v2\/product\/1779","targetHints":{"allow":["GET"]}}],"collection":[{"href":"https:\/\/jobstore.cl\/index.php\/wp-json\/wp\/v2\/product"}],"about":[{"href":"https:\/\/jobstore.cl\/index.php\/wp-json\/wp\/v2\/types\/product"}],"replies":[{"embeddable":true,"href":"https:\/\/jobstore.cl\/index.php\/wp-json\/wp\/v2\/comments?post=1779"}],"version-history":[{"count":4,"href":"https:\/\/jobstore.cl\/index.php\/wp-json\/wp\/v2\/product\/1779\/revisions"}],"predecessor-version":[{"id":13682,"href":"https:\/\/jobstore.cl\/index.php\/wp-json\/wp\/v2\/product\/1779\/revisions\/13682"}],"wp:featuredmedia":[{"embeddable":true,"href":"https:\/\/jobstore.cl\/index.php\/wp-json\/wp\/v2\/media\/1780"}],"wp:attachment":[{"href":"https:\/\/jobstore.cl\/index.php\/wp-json\/wp\/v2\/media?parent=1779"}],"wp:term":[{"taxonomy":"product_cat","embeddable":true,"href":"https:\/\/jobstore.cl\/index.php\/wp-json\/wp\/v2\/product_cat?post=1779"},{"taxonomy":"product_tag","embeddable":true,"href":"https:\/\/jobstore.cl\/index.php\/wp-json\/wp\/v2\/product_tag?post=1779"}],"curies":[{"name":"wp","href":"https:\/\/api.w.org\/{rel}","templated":true}]}}