{"id":527,"date":"2017-12-24T13:35:39","date_gmt":"2017-12-24T13:35:39","guid":{"rendered":"https:\/\/jobstore.cl\/index.php\/terms-and-conditions\/"},"modified":"2021-12-28T12:09:48","modified_gmt":"2021-12-28T15:09:48","slug":"terminos-y-condiciones","status":"publish","type":"page","link":"https:\/\/jobstore.cl\/index.php\/terminos-y-condiciones\/","title":{"rendered":"T\u00e9rminos y Condiciones"},"content":{"rendered":"\t\t<div data-elementor-type=\"wp-page\" data-elementor-id=\"527\" class=\"elementor elementor-527\" data-elementor-post-type=\"page\">\n\t\t\t\t\t\t<section class=\"elementor-section elementor-top-section elementor-element elementor-element-7d3b183b elementor-section-boxed elementor-section-height-default elementor-section-height-default\" data-id=\"7d3b183b\" data-element_type=\"section\" data-e-type=\"section\" data-settings=\"{&quot;ekit_has_onepagescroll_dot&quot;:&quot;yes&quot;}\">\n\t\t\t\t\t\t<div class=\"elementor-container elementor-column-gap-default\">\n\t\t\t\t\t<div class=\"elementor-column elementor-col-100 elementor-top-column elementor-element elementor-element-564d176\" data-id=\"564d176\" data-element_type=\"column\" data-e-type=\"column\">\n\t\t\t<div class=\"elementor-widget-wrap elementor-element-populated\">\n\t\t\t\t\t\t<div class=\"elementor-element elementor-element-6a4e85ce elementor-widget elementor-widget-text-editor\" data-id=\"6a4e85ce\" data-element_type=\"widget\" data-e-type=\"widget\" data-settings=\"{&quot;ekit_we_effect_on&quot;:&quot;none&quot;}\" data-widget_type=\"text-editor.default\">\n\t\t\t\t<div class=\"elementor-widget-container\">\n\t\t\t\t\t\t\t\t\t<h1><span style=\"color: #808080;\"><b>COMPRA CON FACTURA<\/b><\/span><\/h1><h1><span style=\"color: #808080;\">Para los clientes que realicen compras con facturas, es obligatorio para la emisi\u00f3n del documento seg\u00fan corresponda:<\/span><\/h1><h1><span style=\"color: #808080;\">\u2013 Factura Empresa: Deber\u00e1 presentar Rut de la empresa. Seg\u00fan Resoluci\u00f3n Exenta SII N\u00ba56, solo ser\u00e1 v\u00e1lido presentar e-Rut para la emisi\u00f3n de facturas.<\/span><\/h1><h1><span style=\"color: #808080;\">\u2013 Factura<\/span><\/h1><h1><span style=\"color: #808080;\">\u2013 Persona Natural: Debe presentar C\u00e9dula de Identidad o e-Rut.\u00a0<\/span><\/h1><h1><span style=\"color: #808080;\">\u2013 Estas declaraciones no afectan las garant\u00edas legales y dem\u00e1s derechos otorgados al consumidor por la legislaci\u00f3n chilena vigente.\u00a0<\/span><\/h1><h1><span style=\"color: #808080;\">\u2013 Todos los precios, ofertas y promociones publicados son exclusivos de la Web y no necesariamente se encontrar\u00e1n disponibles en tiendas.<\/span><\/h1><h1><span style=\"color: #808080;\">En compras realizadas en Jobstore, no se podr\u00e1 ejercer derecho de retracto, en conformidad Art. 3\u00ba bis, letra b, Ley N\u00ba 19496.<\/span><\/h1><h1><span style=\"color: #808080;\">Es y ser\u00e1 responsabilidad del comprador\/cliente el indicar correctamente la direcci\u00f3n a la cual ser\u00e1 enviado el producto, y el cual ser\u00e1 entregado a la persona que lo recepcione en la referida direcci\u00f3n, aplicando lo dispuesto en el art.\u00a0137 del C\u00f3digo de Comercio.<\/span><\/h1><h1><span style=\"color: #808080;\"><b><br \/>Garant\u00eda limitada de un (1) a\u00f1o de productos Apple<\/b><\/span><\/h1><h1><span style=\"color: #808080;\"><b>\u00bfQu\u00e9 cubre esta garant\u00eda?<\/b><\/span><\/h1><h1><span style=\"color: #808080;\">Apple garantiza el producto de hardware marca Apple iPhone, iPad, iPod, Apple TV o HomePod, as\u00ed como los accesorios marca Apple que est\u00e1n dentro del empaque original (\u201cProducto Apple\u201d), contra defectos de materiales y de mano de obra, cuando se usan habitualmente de acuerdo con las pautas publicadas de Apple, durante un per\u00edodo de UN (1) A\u00d1O desde la fecha de compra original por el comprador usuario final (\u201cPer\u00edodo de garant\u00eda\u201d). El Per\u00edodo de garant\u00eda ya incluye el per\u00edodo de garant\u00eda legal aplicable de su pa\u00eds o provincia. Las pautas publicadas de Apple incluyen, sin limitaci\u00f3n, la informaci\u00f3n contenida en las especificaciones t\u00e9cnicas, los manuales de usuario y las comunicaciones de servicio.<\/span><\/h1><h1><span style=\"color: #808080;\"><b>\u00bfQu\u00e9 no cubre esta garant\u00eda?<\/b><\/span><\/h1><h1><span style=\"color: #808080;\">Esta Garant\u00eda no se aplica a productos de hardware que no sean de marca Apple, ni a cualquier software, aunque est\u00e9 empaquetado o se venda con hardware Apple. Esta Garant\u00eda no afecta sus derechos en virtud de la legislaci\u00f3n de protecci\u00f3n al consumidor aplicable. Los fabricantes, proveedores o editores que no sean Apple pueden proporcionarle sus propias garant\u00edas. Comun\u00edquese con ellos para obtener m\u00e1s informaci\u00f3n. El software distribuido por Apple con o sin la marca Apple (incluido, sin limitaci\u00f3n, el software de sistema) no est\u00e1 cubierto por esta Garant\u00eda. Consulte el acuerdo de licencia que se adjunta al software para obtener detalles sobre sus derechos con respecto al uso. Apple no garantiza que el funcionamiento del Producto Apple ser\u00e1 ininterrumpido o estar\u00e1 libre de errores. Apple no es responsable de los da\u00f1os que surjan por no seguir las instrucciones relativas al uso del Producto Apple.<\/span><\/h1><h1><span style=\"color: #808080;\">Esta Garant\u00eda no se aplica (a) a piezas consumibles, como bater\u00edas o revestimientos de protecci\u00f3n que est\u00e1n dise\u00f1ados para desgastarse con el tiempo, a menos que la falla se deba a un defecto de los materiales o la mano de obra; (b) a da\u00f1os superficiales, incluidos, entre otros, rayones, abolladuras y roturas de pl\u00e1sticos en los puertos, a menos que la falla se deba a un defecto de los materiales o la mano de obra; (c) a da\u00f1os causados por el uso con un componente o producto de terceros que no cumpla con las especificaciones de Productos Apple (las especificaciones de Productos Apple est\u00e1n disponibles en\u00a0<a style=\"color: #808080;\" href=\"http:\/\/www.apple.com\/cl\">www.apple.com\/cl<\/a>, en la secci\u00f3n de especificaciones t\u00e9cnicas de cada producto, y tambi\u00e9n en las tiendas); (d) a da\u00f1os causados por accidentes, abuso, uso indebido, incendios, contacto con l\u00edquidos, terremotos u otras causas externas; (e) a da\u00f1os causados por usar el Producto Apple sin respetar las pautas publicadas de Apple; (f) a da\u00f1os causados por un servicio (incluidas las actualizaciones y las ampliaciones) realizado por cualquier persona que no sea un representante de Apple o un Proveedor autorizado de servicios Apple (\u201cAASP\u201d); (g) a un Producto Apple que se haya modificado para alterar la funcionalidad o la capacidad sin la autorizaci\u00f3n por escrito de Apple; (h) a defectos causados por el desgaste normal o atribuibles al efecto del paso del tiempo sobre el Producto Apple; (i) si se elimin\u00f3 o se borr\u00f3 cualquier n\u00famero de serie del Producto Apple; (j) si las autoridades p\u00fablicas pertinentes informan a Apple que el producto fue robado o si usted no puede desactivar el\u00a0c\u00f3digo activado\u00a0u otras\u00a0medidas de seguridad dise\u00f1adas para impedir el acceso no autorizado al Producto Apple y no dispone de ning\u00fan medio para probar que es el usuario autorizado del producto (por ejemplo, mediante la presentaci\u00f3n de una prueba de compra).<\/span><\/h1><h1><span style=\"color: #808080;\"><b>Restricci\u00f3n importante para el servicio de iPhone, iPad,\u00a0Apple TV y HomePod<\/b><\/span><\/h1><h1><span style=\"color: #808080;\">Apple puede restringir el servicio de garant\u00eda para iPhone, iPad, Apple TV y HomePod al pa\u00eds donde Apple o sus Distribuidores autorizados vendieron originalmente el dispositivo.<\/span><\/h1><h1><strong><span style=\"color: #808080;\">TM y \u00a9 2019 Apple Inc. Todos los derechos reservados.<\/span><\/strong><\/h1><h1><span style=\"color: #808080;\">M\u00e1s informaci\u00f3n en <a style=\"color: #808080;\" href=\"https:\/\/www.apple.com\/legal\/warranty\/products\/ios-warranty-alac-spanish.html\">https:\/\/www.apple.com\/legal\/warranty\/products\/ios-warranty-alac-spanish.html<\/a><\/span><\/h1><h1><span style=\"color: #808080;\"><b>REPRESENTANTE LEGAL<\/b><\/span><\/h1><h1><span style=\"color: #808080;\">ANAGRAMMA COMUNICACIONES LIMITADA<\/span><\/h1><h1><span style=\"color: #808080;\">RUT 77.837.180-4<\/span><\/h1><h1><span style=\"color: #808080;\">Representado por Don Juan Francisco Elizalde Domicilio: Cuatro Esquinas 1256, La Serena<\/span><\/h1><h1><span style=\"color: #808080;\">Servicio al cliente (51) 2521885<\/span><\/h1><h1><span style=\"color: #808080;\">Mail: saleonline@jobstore.cl<\/span><\/h1><h1><span style=\"color: #808080;\">Para compras en www.jobstore.cl no aplica el derecho de retracto establecido en la Ley N\u00b0 19.496 para compras no presenciales.<\/span><\/h1><h1><span style=\"color: #808080;\">Si tienes alguna duda o consulta en el proceso de tu compra puedes enviar un mail a <a style=\"color: #808080;\" href=\"mailto:saleonline@jobstore.cl\">saleonline@jobstore.cl<\/a> o bien llamar al <b>(56) \u2013 512521885<\/b>,<b>\u00a0<\/b>de\u00a0lunes a viernes de 09:30 a 13:30 (excepto festivos)<\/span><\/h1><h1><span style=\"color: #808080;\"><b>Pol\u00edtica de Privacidad y Protecci\u00f3n de datos personales<\/b><\/span><\/h1><h1><span style=\"color: #808080;\">Jobstore ha implementado la siguiente Pol\u00edtica de Privacidad y Seguridad de la Informaci\u00f3n (\u201cPol\u00edtica de Privacidad\u201d), con objeto de salvaguardar los intereses de los usuarios de su sitio web y clientes de la venta de productos o prestaci\u00f3n de servicios (\u201cUsuarios\u201d), respecto del tratamiento de los datos personales que Jobstore pueda almacenar de ellos.<\/span><\/h1><h1><span style=\"color: #808080;\"><b>1.- Datos Personales.<\/b><\/span><\/h1><h1><span style=\"color: #808080;\">Para efectos de las presentes Pol\u00edticas de Privacidad, se entender\u00e1 por \u201cDatos Personales\u201d aquella informaci\u00f3n entregada por los Usuarios al momento de registrarse en el sitio web de Jobstore, realizar transacciones de venta de bienes y servicios, recibir servicios post venta. El tratamiento de los Datos Personales comprender\u00e1 la recolecci\u00f3n de estos por cualquier medio de interacci\u00f3n que JobStore tenga con sus Usuarios, su almacenamiento y posterior selecci\u00f3n, estudio, transmisi\u00f3n, comunicaci\u00f3n y\/o transferencia; todo en conformidad al objeto de utilizaci\u00f3n de los Datos Personales que se se\u00f1ala a continuaci\u00f3n.<\/span><\/h1><h1><span style=\"color: #808080;\"><b>2.- Objeto de la recolecci\u00f3n de Datos Personales.<\/b><\/span><\/h1><h1><span style=\"color: #808080;\">Los Datos Personales que puedan ser recolectados de los Usuarios tendr\u00e1n por objeto permitir y mejorar la calidad de la interacci\u00f3n que tenga Jobstore con sus Usuarios, utiliz\u00e1ndose, en especial, para lo siguiente:<\/span><\/h1><h1><span style=\"color: #808080;\">El env\u00edo de un newsletter informativo sobre nuevos productos, servicios y\/o promociones.<\/span><\/h1><h1><span style=\"color: #808080;\">La identificaci\u00f3n de los Usuarios para la ejecuci\u00f3n de transacciones comerciales de venta de productos y prestaci\u00f3n de servicios.<\/span><\/h1><h1><span style=\"color: #808080;\">La identificaci\u00f3n de los Usuarios para contacto de servicios de post venta y mantenci\u00f3n.<\/span><\/h1><h1><span style=\"color: #808080;\">La individualizaci\u00f3n de los Usuarios con terceros, tanto para permitir la interacci\u00f3n con proveedores de pago, como para acceder y entregar a los Usuarios beneficios derivados de programas de fidelizaci\u00f3n o promociones con dichos terceros.<\/span><\/h1><h1><span style=\"color: #808080;\"><b>3. Confidencialidad de los Datos Personales.<\/b><\/span><\/h1><h1><span style=\"color: #808080;\">Jobstore se compromete a realizar sus mejores esfuerzos para resguardar la confidencialidad y privacidad de los Datos Personales que mantenga, respecto de terceros que no formen de su grupo empresarial. Sin perjuicio de lo anterior, Jobstore no ser\u00e1 responsable por la p\u00e9rdida u obtenci\u00f3n indebida de Datos Personales por terceros, ni del uso que de ellos se haga, cuando lo anterior se deba a accesos ilegales a los sistemas o a la intercepci\u00f3n ilegal de las conexiones de Jobstore.<\/span><\/h1><h1><span style=\"color: #808080;\"><b>4. Derechos de los Usuarios.<\/b><\/span><\/h1><h1><span style=\"color: #808080;\">Los Usuarios podr\u00e1n ejercer en todo momento, respecto de sus Datos Personales, los derechos de informaci\u00f3n, modificaci\u00f3n, bloqueo y eliminaci\u00f3n de datos -en los t\u00e9rminos previstos en la Ley 19.628 sobre Protecci\u00f3n de Datos de Car\u00e1cter Personal-, enviando un correo electr\u00f3nico a <b>saleonline@jobstore.cl<\/b><\/span><\/h1>\t\t\t\t\t\t\t\t<\/div>\n\t\t\t\t<\/div>\n\t\t\t\t<div class=\"elementor-element elementor-element-e2379b1 elementor-widget elementor-widget-spacer\" data-id=\"e2379b1\" data-element_type=\"widget\" data-e-type=\"widget\" data-settings=\"{&quot;ekit_we_effect_on&quot;:&quot;none&quot;}\" data-widget_type=\"spacer.default\">\n\t\t\t\t<div class=\"elementor-widget-container\">\n\t\t\t\t\t\t\t<div class=\"elementor-spacer\">\n\t\t\t<div class=\"elementor-spacer-inner\"><\/div>\n\t\t<\/div>\n\t\t\t\t\t\t<\/div>\n\t\t\t\t<\/div>\n\t\t\t\t<div class=\"elementor-element elementor-element-fc0a6c3 elementor-nav-menu__align-center elementor-nav-menu--dropdown-tablet elementor-nav-menu__text-align-aside elementor-nav-menu--toggle elementor-nav-menu--burger elementor-widget elementor-widget-nav-menu\" data-id=\"fc0a6c3\" data-element_type=\"widget\" data-e-type=\"widget\" data-settings=\"{&quot;layout&quot;:&quot;horizontal&quot;,&quot;submenu_icon&quot;:{&quot;value&quot;:&quot;<i class=\\&quot;fas fa-caret-down\\&quot; aria-hidden=\\&quot;true\\&quot;><\\\/i>&quot;,&quot;library&quot;:&quot;fa-solid&quot;},&quot;toggle&quot;:&quot;burger&quot;,&quot;ekit_we_effect_on&quot;:&quot;none&quot;}\" data-widget_type=\"nav-menu.default\">\n\t\t\t\t<div class=\"elementor-widget-container\">\n\t\t\t\t\t\t\t\t<nav aria-label=\"Men\u00fa\" class=\"elementor-nav-menu--main elementor-nav-menu__container elementor-nav-menu--layout-horizontal e--pointer-underline e--animation-fade\">\n\t\t\t\t<ul id=\"menu-1-fc0a6c3\" class=\"elementor-nav-menu\"><li class=\"menu-item menu-item-type-post_type menu-item-object-page menu-item-5946\"><a href=\"https:\/\/jobstore.cl\/index.php\/terminos-y-condiciones\/\" class=\"elementor-item\">T\u00e9rminos y Condiciones<\/a><\/li>\n<li class=\"menu-item menu-item-type-post_type menu-item-object-page menu-item-5947\"><a href=\"https:\/\/jobstore.cl\/index.php\/contacts\/\" class=\"elementor-item\">Trae a reparar.<\/a><\/li>\n<li class=\"menu-item menu-item-type-post_type menu-item-object-page menu-item-5948\"><a href=\"https:\/\/jobstore.cl\/index.php\/valores-de-servicio\/\" class=\"elementor-item\">Valores de servicio<\/a><\/li>\n<li class=\"menu-item menu-item-type-post_type menu-item-object-page menu-item-5950\"><a href=\"https:\/\/jobstore.cl\/index.php\/orden-de-trabajo-online\/\" class=\"elementor-item\">Orden de trabajo Online<\/a><\/li>\n<li class=\"menu-item menu-item-type-post_type menu-item-object-page menu-item-10514\"><a href=\"https:\/\/jobstore.cl\/index.php\/formulario-2\/\" class=\"elementor-item\">Formulario<\/a><\/li>\n<li class=\"menu-item menu-item-type-post_type menu-item-object-page menu-item-15922\"><a href=\"https:\/\/jobstore.cl\/index.php\/clients\/\" class=\"elementor-item\">Portal de clientes<\/a><\/li>\n<li class=\"menu-item menu-item-type-post_type menu-item-object-page menu-item-10756\"><a href=\"https:\/\/jobstore.cl\/index.php\/brands\/\" class=\"elementor-item\">Brands<\/a><\/li>\n<\/ul>\t\t\t<\/nav>\n\t\t\t\t\t<div class=\"elementor-menu-toggle\" role=\"button\" tabindex=\"0\" aria-label=\"Alternar men\u00fa\" aria-expanded=\"false\">\n\t\t\t<i aria-hidden=\"true\" role=\"presentation\" class=\"elementor-menu-toggle__icon--open eicon-menu-bar\"><\/i><i aria-hidden=\"true\" role=\"presentation\" class=\"elementor-menu-toggle__icon--close eicon-close\"><\/i>\t\t<\/div>\n\t\t\t\t\t<nav class=\"elementor-nav-menu--dropdown elementor-nav-menu__container\" aria-hidden=\"true\">\n\t\t\t\t<ul id=\"menu-2-fc0a6c3\" class=\"elementor-nav-menu\"><li class=\"menu-item menu-item-type-post_type menu-item-object-page menu-item-5946\"><a href=\"https:\/\/jobstore.cl\/index.php\/terminos-y-condiciones\/\" class=\"elementor-item\" tabindex=\"-1\">T\u00e9rminos y Condiciones<\/a><\/li>\n<li class=\"menu-item menu-item-type-post_type menu-item-object-page menu-item-5947\"><a href=\"https:\/\/jobstore.cl\/index.php\/contacts\/\" class=\"elementor-item\" tabindex=\"-1\">Trae a reparar.<\/a><\/li>\n<li class=\"menu-item menu-item-type-post_type menu-item-object-page menu-item-5948\"><a href=\"https:\/\/jobstore.cl\/index.php\/valores-de-servicio\/\" class=\"elementor-item\" tabindex=\"-1\">Valores de servicio<\/a><\/li>\n<li class=\"menu-item menu-item-type-post_type menu-item-object-page menu-item-5950\"><a href=\"https:\/\/jobstore.cl\/index.php\/orden-de-trabajo-online\/\" class=\"elementor-item\" tabindex=\"-1\">Orden de trabajo Online<\/a><\/li>\n<li class=\"menu-item menu-item-type-post_type menu-item-object-page menu-item-10514\"><a href=\"https:\/\/jobstore.cl\/index.php\/formulario-2\/\" class=\"elementor-item\" tabindex=\"-1\">Formulario<\/a><\/li>\n<li class=\"menu-item menu-item-type-post_type menu-item-object-page menu-item-15922\"><a href=\"https:\/\/jobstore.cl\/index.php\/clients\/\" class=\"elementor-item\" tabindex=\"-1\">Portal de clientes<\/a><\/li>\n<li class=\"menu-item menu-item-type-post_type menu-item-object-page menu-item-10756\"><a href=\"https:\/\/jobstore.cl\/index.php\/brands\/\" class=\"elementor-item\" tabindex=\"-1\">Brands<\/a><\/li>\n<\/ul>\t\t\t<\/nav>\n\t\t\t\t\t\t<\/div>\n\t\t\t\t<\/div>\n\t\t\t\t\t<\/div>\n\t\t<\/div>\n\t\t\t\t\t<\/div>\n\t\t<\/section>\n\t\t\t\t<section class=\"elementor-section elementor-top-section elementor-element elementor-element-8d589ae elementor-section-boxed elementor-section-height-default elementor-section-height-default\" data-id=\"8d589ae\" data-element_type=\"section\" data-e-type=\"section\" data-settings=\"{&quot;ekit_has_onepagescroll_dot&quot;:&quot;yes&quot;}\">\n\t\t\t\t\t\t<div class=\"elementor-container elementor-column-gap-default\">\n\t\t\t\t\t<div class=\"elementor-column elementor-col-100 elementor-top-column elementor-element elementor-element-bb506aa\" data-id=\"bb506aa\" data-element_type=\"column\" data-e-type=\"column\">\n\t\t\t<div class=\"elementor-widget-wrap\">\n\t\t\t\t\t\t\t<\/div>\n\t\t<\/div>\n\t\t\t\t\t<\/div>\n\t\t<\/section>\n\t\t\t\t<\/div>\n\t\t","protected":false},"excerpt":{"rendered":"<p>COMPRA CON FACTURA Para los clientes que realicen compras con facturas, es obligatorio para la emisi\u00f3n del documento seg\u00fan corresponda: \u2013 Factura Empresa: Deber\u00e1 presentar Rut<span class=\"excerpt-hellip\"> [\u2026]<\/span><\/p>\n","protected":false},"author":7,"featured_media":0,"parent":0,"menu_order":0,"comment_status":"closed","ping_status":"closed","template":"","meta":{"_joinchat":[],"footnotes":""},"class_list":["post-527","page","type-page","status-publish","hentry"],"_links":{"self":[{"href":"https:\/\/jobstore.cl\/index.php\/wp-json\/wp\/v2\/pages\/527","targetHints":{"allow":["GET"]}}],"collection":[{"href":"https:\/\/jobstore.cl\/index.php\/wp-json\/wp\/v2\/pages"}],"about":[{"href":"https:\/\/jobstore.cl\/index.php\/wp-json\/wp\/v2\/types\/page"}],"author":[{"embeddable":true,"href":"https:\/\/jobstore.cl\/index.php\/wp-json\/wp\/v2\/users\/7"}],"replies":[{"embeddable":true,"href":"https:\/\/jobstore.cl\/index.php\/wp-json\/wp\/v2\/comments?post=527"}],"version-history":[{"count":24,"href":"https:\/\/jobstore.cl\/index.php\/wp-json\/wp\/v2\/pages\/527\/revisions"}],"predecessor-version":[{"id":11253,"href":"https:\/\/jobstore.cl\/index.php\/wp-json\/wp\/v2\/pages\/527\/revisions\/11253"}],"wp:attachment":[{"href":"https:\/\/jobstore.cl\/index.php\/wp-json\/wp\/v2\/media?parent=527"}],"curies":[{"name":"wp","href":"https:\/\/api.w.org\/{rel}","templated":true}]}}